{"id":4166,"date":"2025-04-07T08:04:13","date_gmt":"2025-04-07T08:04:13","guid":{"rendered":"https:\/\/cndl.edu.lb\/?page_id=4166"},"modified":"2025-09-23T11:21:41","modified_gmt":"2025-09-23T08:21:41","slug":"french-section","status":"publish","type":"page","link":"https:\/\/www.cndl.edu.lb\/fr\/french-section\/","title":{"rendered":"Section fran\u00e7aise"},"content":{"rendered":"<div class=\"wpb-content-wrapper\"><div class=\"vc_row wpb_row vc_row-fluid\"><div class=\"wpb_column vc_column_container vc_col-sm-12\"><div class=\"vc_column-inner\"><div class=\"wpb_wrapper\"><div class=\"vc_empty_space\"   style=\"height: 35px\"><span class=\"vc_empty_space_inner\"><\/span><\/div><\/div><\/div><\/div><\/div><div class=\"vc_row wpb_row vc_row-fluid\"><div class=\"wpb_column vc_column_container vc_col-sm-8\"><div class=\"vc_column-inner\"><div class=\"wpb_wrapper\"><div class=\"vc_empty_space\"   style=\"height: 25px\"><span class=\"vc_empty_space_inner\"><\/span><\/div>\n\t<div class=\"wpb_text_column wpb_content_element\" >\n\t\t<div class=\"wpb_wrapper\">\n\t\t\t<p><span style=\"font-size: 17px; font-family: montserrat; color: #7d706d;\">La section fran\u00e7aise du Coll\u00e8ge Notre Dame de Louaiz\u00e9 incarne un mod\u00e8le d'excellence acad\u00e9mique et \nd'ouverture culturelle, fi\u00e8rement accr\u00e9dit\u00e9e par l\u2019Agence pour l\u2019Enseignement Fran\u00e7ais \u00e0 l\u2019\u00c9tranger (AEFE).\nCette accr\u00e9ditation prestigieuse confirme l'alignement de l'institution avec les r\u00e9f\u00e9rentiels internationaux \nde l'\u00e9ducation francophone, renfor\u00e7ant ainsi l'engagement du CNDL \u00e0 proposer un curriculum reconnu \u00e0 \nl'\u00e9chelle mondiale et p\u00e9dagogiquement solide.<\/span><\/p>\n\n\t\t<\/div>\n\t<\/div>\n<\/div><\/div><\/div><div class=\"wpb_column vc_column_container vc_col-sm-4\"><div class=\"vc_column-inner\"><div class=\"wpb_wrapper\">\n\t<div  class=\"wpb_single_image wpb_content_element vc_align_left wpb_content_element\">\n\t\t\n\t\t<figure class=\"wpb_wrapper vc_figure\">\n\t\t\t<a href=\"https:\/\/aefe.gouv.fr\/fr\" target=\"_blank\" class=\"vc_single_image-wrapper   vc_box_border_grey\"><img decoding=\"async\" class=\"vc_single_image-img\" src=\"https:\/\/www.cndl.edu.lb\/wp-content\/uploads\/2025\/06\/Logo_Agence_pour_l_enseignement_francais_a_l_etranger_AEFE-removebg-preview-200x200.png\" width=\"200\" height=\"200\" alt=\"\" title=\"\" loading=\"lazy\" \/><\/a>\n\t\t<\/figure>\n\t<\/div>\n<\/div><\/div><\/div><\/div><div class=\"vc_row wpb_row vc_row-fluid\"><div class=\"wpb_column vc_column_container vc_col-sm-12\"><div class=\"vc_column-inner\"><div class=\"wpb_wrapper\"><div class=\"vc_empty_space\"   style=\"height: 20px\"><span class=\"vc_empty_space_inner\"><\/span><\/div><\/div><\/div><\/div><\/div><div class=\"vc_row wpb_row vc_row-fluid\"><div class=\"wpb_column vc_column_container vc_col-sm-12\"><div class=\"vc_column-inner\"><div class=\"wpb_wrapper\"><div class=\"vc_separator wpb_content_element vc_separator_align_center vc_sep_width_100 vc_sep_pos_align_center vc_separator_no_text vc_sep_color_black wpb_content_element  wpb_content_element\" ><span class=\"vc_sep_holder vc_sep_holder_l\"><span class=\"vc_sep_line\"><\/span><\/span><span class=\"vc_sep_holder vc_sep_holder_r\"><span class=\"vc_sep_line\"><\/span><\/span>\n<\/div><h3 class=\"stm-title stm-font_color_dark-blue stm-title_sep_bottom\" style=\"text-align:left\">\n\nUn Chemin vers la Citoyennet\u00e9 Mondiale par l\u2019\u00c9ducation Fran\u00e7aise\n<\/h3>\n\t<div class=\"stm-separator stm-clearfix stm-separator_type_title stm-separator_has_subtitle\" >\n\t\t<div class=\"stm-separator__line stm-border-b_color_dark-blue\" ><\/div>\n\t<\/div>\n\t<div class=\"stm-subtitle stm-font_color_dark-blue\" style=\"text-align:left\">\n\t\t<span style=\"font-size: 17px; font-family: montserrat; color: #7d706d;\">Ancr\u00e9e dans les valeurs du syst\u00e8me \u00e9ducatif fran\u00e7ais et enrichie par la vision holistique et maronite du \nCNDL, la section fran\u00e7aise propose une exp\u00e9rience d'apprentissage bilingue, biculturelle et tourn\u00e9e vers \nl\u2019international.\nCet environnement unique permet aux apprenants d\u2019acqu\u00e9rir des connaissances acad\u00e9miques \napprofondies, de ma\u00eetriser plusieurs langues et de d\u00e9velopper la comp\u00e9tence interculturelle essentielle\npour exceller dans un monde globalis\u00e9.<\/span>\t<\/div>\n<\/div><\/div><\/div><\/div><div class=\"vc_row wpb_row vc_row-fluid\"><div class=\"wpb_column vc_column_container vc_col-sm-12\"><div class=\"vc_column-inner\"><div class=\"wpb_wrapper\"><h3 class=\"stm-title stm-font_color_dark-blue stm-title_sep_bottom\" style=\"text-align:left\">\n\nStructure du Curriculum de la Section Fran\u00e7aise\n<\/h3>\n\t<div class=\"stm-separator stm-clearfix stm-separator_type_title stm-separator_has_subtitle\" >\n\t\t<div class=\"stm-separator__line stm-border-b_color_dark-blue\" ><\/div>\n\t<\/div>\n\t<div class=\"stm-subtitle stm-font_color_dark-blue\" style=\"text-align:left\">\n\t\t<span style=\"font-size: 17px; font-family: montserrat; color: #7d706d;\">Le CNDL propose un curriculum fran\u00e7ais diff\u00e9renci\u00e9 et adapt\u00e9 aux besoins de d\u00e9veloppement de chaque \ncycle scolaire :<\/span>\t<\/div>\n<\/div><\/div><\/div><\/div><div class=\"vc_row wpb_row vc_row-fluid\"><div class=\"wpb_column vc_column_container vc_col-sm-12\"><div class=\"vc_column-inner\"><div class=\"wpb_wrapper\"><h4 class=\"stm-title stm-font_color_dark-blue stm-title_sep_bottom\" style=\"text-align:left\">\n\nPr\u00e9scolaire (\u00c9ducation de la petite enfance)\n<\/h4>\n\t<div class=\"stm-separator stm-clearfix stm-separator_type_title stm-separator_has_subtitle\" >\n\t\t<div class=\"stm-separator__line stm-border-b_color_dark-blue\" ><\/div>\n\t<\/div>\n\t<div class=\"stm-subtitle stm-font_color_dark-blue\" style=\"text-align:left\">\n\t\t<span style=\"font-size: 17px; color: #7d706d; font-family: 'montserrat';\">Un environnement d\u2019apprentissage bienveillant ax\u00e9 sur le d\u00e9veloppement de la petite enfance gr\u00e2ce \u00e0 un \nprogramme fran\u00e7ais adapt\u00e9.\nLes apprenants sont initi\u00e9s aux comp\u00e9tences cognitives, motrices, sociales et linguistiques fondamentales, \nstimulant curiosit\u00e9 et cr\u00e9ativit\u00e9 par des activit\u00e9s p\u00e9dagogiques en fran\u00e7ais.<\/span>\t<\/div>\n<\/div><\/div><\/div><\/div><div class=\"vc_row wpb_row vc_row-fluid\"><div class=\"wpb_column vc_column_container vc_col-sm-12\"><div class=\"vc_column-inner\"><div class=\"wpb_wrapper\"><\/div><\/div><\/div><\/div><div class=\"vc_row wpb_row vc_row-fluid\"><div class=\"wpb_column vc_column_container vc_col-sm-12\"><div class=\"vc_column-inner\"><div class=\"wpb_wrapper\"><h4 class=\"stm-title stm-font_color_dark-blue stm-title_sep_bottom\" style=\"text-align:left\">\n\nCycles \u00c9l\u00e9mentaires (Inf\u00e9rieur et Sup\u00e9rieur)\n<\/h4>\n\t<div class=\"stm-separator stm-clearfix stm-separator_type_title stm-separator_has_subtitle\" >\n\t\t<div class=\"stm-separator__line stm-border-b_color_dark-blue\" ><\/div>\n\t<\/div>\n\t<div class=\"stm-subtitle stm-font_color_dark-blue\" style=\"text-align:left\">\n\t\t<span style=\"font-size: 17px; color: #7d706d; font-family: 'montserrat';\">Ce cycle offre un programme fondamental solide dans les disciplines cl\u00e9s.\nL'enseignement met l'accent sur la ma\u00eetrise de la lecture, du calcul et des sciences fondamentales, \ncompl\u00e9t\u00e9 par l'\u00e9ducation civique, l'expression artistique et l'apprentissage num\u00e9rique, dans le cadre des \nstandards du mod\u00e8le \u00e9ducatif fran\u00e7ais.<\/span>\t<\/div>\n<\/div><\/div><\/div><\/div><div class=\"vc_row wpb_row vc_row-fluid\"><div class=\"wpb_column vc_column_container vc_col-sm-12\"><div class=\"vc_column-inner\"><div class=\"wpb_wrapper\"><h4 class=\"stm-title stm-font_color_dark-blue stm-title_sep_bottom\" style=\"text-align:left\">\n\nCycle Interm\u00e9diaire (Coll\u00e8ge)\n<\/h4>\n\t<div class=\"stm-separator stm-clearfix stm-separator_type_title stm-separator_has_subtitle\" >\n\t\t<div class=\"stm-separator__line stm-border-b_color_dark-blue\" ><\/div>\n\t<\/div>\n\t<div class=\"stm-subtitle stm-font_color_dark-blue\" style=\"text-align:left\">\n\t\t<span style=\"font-size: 17px; color: #7d706d; font-family: 'montserrat';\">Building on foundational skills, the curriculum deepens learners\u2019 analytical thinking and problem-solving abilities. Programs remain aligned with AEFE academic standards, focusing on subject mastery, learner autonomy, and interdisciplinary learning.<\/span>\t<\/div>\n<\/div><\/div><\/div><\/div><div class=\"vc_row wpb_row vc_row-fluid\"><div class=\"wpb_column vc_column_container vc_col-sm-12\"><div class=\"vc_column-inner\"><div class=\"wpb_wrapper\"><h4 class=\"stm-title stm-font_color_dark-blue stm-title_sep_bottom\" style=\"text-align:left\">\n\nLyc\u00e9e (Cycle Secondaire)\n<\/h4>\n\t<div class=\"stm-separator stm-clearfix stm-separator_type_title stm-separator_has_subtitle\" >\n\t\t<div class=\"stm-separator__line stm-border-b_color_dark-blue\" ><\/div>\n\t<\/div>\n\t<div class=\"stm-subtitle stm-font_color_dark-blue\" style=\"text-align:left\">\n\t\t<span style=\"font-size: 18px; color: #1a428a; font-family: montserrat;\">En classe de 3e, tous les apprenants de la section fran\u00e7aise doivent pr\u00e9senter le Brevet libanais, \ngarantissant leur ma\u00eetrise des standards nationaux et internationaux.\nPar la suite, deux parcours acad\u00e9miques sont propos\u00e9s :<\/span><\/p>\n<ul style=\"font-family: 'montserrat';\">\n<li><span style=\"font-size: 17px; color: #7d706d;\">Piste du Baccalaur\u00e9at Libanais : Poursuite dans le curriculum national libanais, avec une pr\u00e9paration \naux examens officiels sous le cadre \u00e9ducatif libanais.<\/span><\/li>\n<li><span style=\"font-size: 17px; color: #7d706d;\">Piste du Baccalaur\u00e9at Fran\u00e7ais : Transition vers le Programme du Baccalaur\u00e9at Fran\u00e7ais, avec des \n\u00e9valuations conformes aux attentes de l\u2019AEFE et du Minist\u00e8re fran\u00e7ais de l\u2019\u00c9ducation Nationale, \nouvrant l'acc\u00e8s \u00e0 l'enseignement sup\u00e9rieur en France et dans d\u2019autres pays francophones.<\/span><\/li>\n<\/ul>\n<p><span style=\"font-size: 17px; color: #1a428a; font-family: 'montserrat';\">Ce syst\u00e8me \u00e0 double parcours offre aux apprenants flexibilit\u00e9 et excellence acad\u00e9mique, leur permettant \nd'atteindre leurs objectifs dans le syst\u00e8me d'enseignement sup\u00e9rieur libanais ou fran\u00e7ais, tout en \nrenfor\u00e7ant leur ma\u00eetrise culturelle et linguistique.<\/span><\/p>\n<p>\t<\/div>\n<\/div><\/div><\/div><\/div><div class=\"vc_row wpb_row vc_row-fluid\"><div class=\"wpb_column vc_column_container vc_col-sm-12\"><div class=\"vc_column-inner\"><div class=\"wpb_wrapper\"><div class=\"vc_separator wpb_content_element vc_separator_align_center vc_sep_width_100 vc_sep_pos_align_center vc_separator_no_text vc_sep_color_black wpb_content_element  wpb_content_element\" ><span class=\"vc_sep_holder vc_sep_holder_l\"><span class=\"vc_sep_line\"><\/span><\/span><span class=\"vc_sep_holder vc_sep_holder_r\"><span class=\"vc_sep_line\"><\/span><\/span>\n<\/div><\/div><\/div><\/div><\/div><div class=\"vc_row wpb_row vc_row-fluid\"><div class=\"wpb_column vc_column_container vc_col-sm-12\"><div class=\"vc_column-inner\"><div class=\"wpb_wrapper\"><h3 class=\"stm-title stm-font_color_dark-blue stm-title_sep_bottom\" style=\"text-align:left\">\n\nAtouts de la Section Fran\u00e7aise Accr\u00e9dit\u00e9e AEFE au CNDL\n<\/h3>\n\t<div class=\"stm-separator stm-clearfix stm-separator_type_title stm-separator_has_subtitle\" >\n\t\t<div class=\"stm-separator__line stm-border-b_color_dark-blue\" ><\/div>\n\t<\/div>\n\t<div class=\"stm-subtitle stm-font_color_dark-blue\" style=\"text-align:left\">\n\t\t<\/p>\n<ul class=\"wp-block-list\" style=\"font-family: 'montserrat';\">\n<li><span style=\"color: #7d706d; font-size: 15px;\">Accr\u00e9ditation internationale par l'AEFE<\/span><\/li>\n<li><span style=\"color: #7d706d; font-size: 15px;\">Ma\u00eetrise bilingue en fran\u00e7ais, arabe, et anglais en seconde langue<\/span><\/li>\n<li><span style=\"color: #7d706d; font-size: 15px;\">Environnement multiculturel favorisant l'ouverture et la citoyennet\u00e9 mondiale<\/span><\/li>\n<li><span style=\"color: #7d706d; font-size: 15px;\">Pr\u00e9paration acad\u00e9mique rigoureuse pour les universit\u00e9s libanaises et fran\u00e7aises<\/span><\/li>\n<li><span style=\"color: #7d706d; font-size: 15px;\">Transitions fluides entre les programmes nationaux et internationaux<\/span><\/li>\n<li><span style=\"color: #7d706d; font-size: 15px;\">P\u00e9dagogie centr\u00e9e sur l'apprenant, encourageant l'ind\u00e9pendance, la cr\u00e9ativit\u00e9 et les comp\u00e9tences \nglobales<\/span><\/li>\n<\/ul>\n<p>\t<\/div>\n<\/div><\/div><\/div><\/div><div class=\"vc_row wpb_row vc_row-fluid\"><div class=\"wpb_column vc_column_container vc_col-sm-12\"><div class=\"vc_column-inner\"><div class=\"wpb_wrapper\"><div class=\"vc_empty_space\"   style=\"height: 35px\"><span class=\"vc_empty_space_inner\"><\/span><\/div><\/div><\/div><\/div><\/div>\n<\/div>","protected":false},"excerpt":{"rendered":"The French Section at CNDL stands as a model of academic excellence and cultural openness, proudly accredited by the Agence pour l\u2019Enseignement Fran\u00e7ais \u00e0 l\u2019\u00c9tranger (AEFE). This prestigious accreditation affirms [...]","protected":false},"author":2,"featured_media":0,"parent":0,"menu_order":0,"comment_status":"closed","ping_status":"closed","template":"","meta":{"footnotes":""},"class_list":["post-4166","page","type-page","status-publish","hentry"],"_links":{"self":[{"href":"https:\/\/www.cndl.edu.lb\/fr\/wp-json\/wp\/v2\/pages\/4166","targetHints":{"allow":["GET"]}}],"collection":[{"href":"https:\/\/www.cndl.edu.lb\/fr\/wp-json\/wp\/v2\/pages"}],"about":[{"href":"https:\/\/www.cndl.edu.lb\/fr\/wp-json\/wp\/v2\/types\/page"}],"author":[{"embeddable":true,"href":"https:\/\/www.cndl.edu.lb\/fr\/wp-json\/wp\/v2\/users\/2"}],"replies":[{"embeddable":true,"href":"https:\/\/www.cndl.edu.lb\/fr\/wp-json\/wp\/v2\/comments?post=4166"}],"version-history":[{"count":13,"href":"https:\/\/www.cndl.edu.lb\/fr\/wp-json\/wp\/v2\/pages\/4166\/revisions"}],"predecessor-version":[{"id":6629,"href":"https:\/\/www.cndl.edu.lb\/fr\/wp-json\/wp\/v2\/pages\/4166\/revisions\/6629"}],"wp:attachment":[{"href":"https:\/\/www.cndl.edu.lb\/fr\/wp-json\/wp\/v2\/media?parent=4166"}],"curies":[{"name":"wp","href":"https:\/\/api.w.org\/{rel}","templated":true}]}}