{"id":4164,"date":"2025-04-07T08:03:29","date_gmt":"2025-04-07T08:03:29","guid":{"rendered":"https:\/\/cndl.edu.lb\/?page_id=4164"},"modified":"2025-09-23T11:14:52","modified_gmt":"2025-09-23T08:14:52","slug":"english-section","status":"publish","type":"page","link":"https:\/\/www.cndl.edu.lb\/fr\/english-section\/","title":{"rendered":"Section anglaise"},"content":{"rendered":"<div class=\"wpb-content-wrapper\"><div class=\"vc_row wpb_row vc_row-fluid\"><div class=\"wpb_column vc_column_container vc_col-sm-12\"><div class=\"vc_column-inner\"><div class=\"wpb_wrapper\"><div class=\"vc_empty_space\"   style=\"height: 35px\"><span class=\"vc_empty_space_inner\"><\/span><\/div><\/div><\/div><\/div><\/div><div class=\"vc_row wpb_row vc_row-fluid\"><div class=\"wpb_column vc_column_container vc_col-sm-12\"><div class=\"vc_column-inner\"><div class=\"wpb_wrapper\">\n\t<div class=\"wpb_text_column wpb_content_element\" >\n\t\t<div class=\"wpb_wrapper\">\n\t\t\t<h2 class=\"wp-block-heading\"><strong><span style=\"color: #1a428a; font-size: 29px; font-family: 'montserrat';\">La Section Anglaise du Coll\u00e8ge Notre Dame de Louaiz\u00e9 a obtenu l'accr\u00e9ditation de Cognia.<\/span><\/strong><\/h2>\n\n\t\t<\/div>\n\t<\/div>\n<\/div><\/div><\/div><\/div><div class=\"vc_row wpb_row vc_row-fluid\"><div class=\"wpb_column vc_column_container vc_col-sm-8\"><div class=\"vc_column-inner\"><div class=\"wpb_wrapper\"><div class=\"vc_empty_space\"   style=\"height: 25px\"><span class=\"vc_empty_space_inner\"><\/span><\/div>\n\t<div class=\"wpb_text_column wpb_content_element\" >\n\t\t<div class=\"wpb_wrapper\">\n\t\t\t<p><span style=\"font-size: 17px; color: #7d706d; font-family: 'montserrat';\">La section anglaise du CNDL a \u00e9t\u00e9 reconnue pour son engagement ind\u00e9fectible \u00e0 offrir une \u00e9ducation de haute qualit\u00e9 \u00e0 chacun de ses \u00e9l\u00e8ves et pour sa promesse de continuer \u00e0 s\u2019am\u00e9liorer pour eux.<\/span><br \/>\n<span style=\"font-size: 17px; color: #7d706d; font-family: 'montserrat';\">Le Coll\u00e8ge Notre Dame de Louaiz\u00e9 est d\u00e9sormais accr\u00e9dit\u00e9 par Cognia ! L'\u00e9tablissement a obtenu cette reconnaissance, symbolisant son engagement \u00e0 respecter des normes \u00e9lev\u00e9es et \u00e0 s'am\u00e9liorer continuellement.<\/span><\/p>\n\n\t\t<\/div>\n\t<\/div>\n<\/div><\/div><\/div><div class=\"wpb_column vc_column_container vc_col-sm-4\"><div class=\"vc_column-inner\"><div class=\"wpb_wrapper\">\n\t<div  class=\"wpb_single_image wpb_content_element vc_align_center wpb_content_element\">\n\t\t\n\t\t<figure class=\"wpb_wrapper vc_figure\">\n\t\t\t<a href=\"https:\/\/www.cognia.org\/\" target=\"_self\" class=\"vc_single_image-wrapper   vc_box_border_grey\"><img decoding=\"async\" class=\"vc_single_image-img\" src=\"https:\/\/www.cndl.edu.lb\/wp-content\/uploads\/2025\/07\/Cognia_ACCRED-Badge-GREY-684x684__1_-removebg-preview-200x200.png\" width=\"200\" height=\"200\" alt=\"\" title=\"\" loading=\"lazy\" \/><\/a>\n\t\t<\/figure>\n\t<\/div>\n<div class=\"vc_empty_space\"   style=\"height: 20px\"><span class=\"vc_empty_space_inner\"><\/span><\/div><\/div><\/div><\/div><\/div><div class=\"vc_row wpb_row vc_row-fluid\"><div class=\"wpb_column vc_column_container vc_col-sm-12\"><div class=\"vc_column-inner\"><div class=\"wpb_wrapper\"><div class=\"vc_empty_space\"   style=\"height: 5px\"><span class=\"vc_empty_space_inner\"><\/span><\/div><\/div><\/div><\/div><\/div><div class=\"vc_row wpb_row vc_row-fluid\"><div class=\"wpb_column vc_column_container vc_col-sm-12\"><div class=\"vc_column-inner\"><div class=\"wpb_wrapper\"><div class=\"vc_separator wpb_content_element vc_separator_align_center vc_sep_width_100 vc_sep_pos_align_center vc_separator_no_text vc_sep_color_black wpb_content_element  wpb_content_element\" ><span class=\"vc_sep_holder vc_sep_holder_l\"><span class=\"vc_sep_line\"><\/span><\/span><span class=\"vc_sep_holder vc_sep_holder_r\"><span class=\"vc_sep_line\"><\/span><\/span>\n<\/div>\n\t<div class=\"wpb_text_column wpb_content_element\" >\n\t\t<div class=\"wpb_wrapper\">\n\t\t\t<h2 class=\"wp-block-heading\"><span style=\"color: #1a428a;\"><strong><span style=\"font-size: 29px; font-family: 'montserrat';\">Une \u00c9ducation Riche et Multiculturelle pour Tous les Cycles.<\/span><\/strong><\/span><\/h2>\n\n\t\t<\/div>\n\t<\/div>\n<div class=\"vc_empty_space\"   style=\"height: 20px\"><span class=\"vc_empty_space_inner\"><\/span><\/div>\n\t<div class=\"wpb_text_column wpb_content_element\" >\n\t\t<div class=\"wpb_wrapper\">\n\t\t\t<p><span style=\"color: #7d706d; font-size: 17px; font-family: 'montserrat';\">La section anglophone suit un programme acad\u00e9mique libanais rigoureux, adapt\u00e9 aux besoins intellectuels, \nsociaux et \u00e9motionnels de chaque cycle \u00e9ducatif.\nCe programme est con\u00e7u pour garantir que les apprenants soient pr\u00e9par\u00e9s non seulement \u00e0 r\u00e9ussir au \nLiban, mais aussi \u00e0 d\u00e9velopper les comp\u00e9tences n\u00e9cessaires pour devenir des citoyens du monde.\nLes parcours offerts comprennent :<\/span><\/p>\n\n\t\t<\/div>\n\t<\/div>\n<\/div><\/div><\/div><\/div><div class=\"vc_row wpb_row vc_row-fluid\"><div class=\"wpb_column vc_column_container vc_col-sm-12\"><div class=\"vc_column-inner\"><div class=\"wpb_wrapper\"><div class=\"vc_empty_space\"   style=\"height: 20px\"><span class=\"vc_empty_space_inner\"><\/span><\/div><\/div><\/div><\/div><\/div><div class=\"vc_row wpb_row vc_row-fluid\"><div class=\"wpb_column vc_column_container vc_col-sm-12\"><div class=\"vc_column-inner\"><div class=\"wpb_wrapper\"><h4 class=\"stm-title stm-font_color_dark-blue stm-title_sep_bottom\" style=\"text-align:left\">\n\nPr\u00e9scolaire (\u00c9ducation de la petite enfance)\n<\/h4>\n\t<div class=\"stm-separator stm-clearfix stm-separator_type_title stm-separator_has_subtitle\" >\n\t\t<div class=\"stm-separator__line stm-border-b_color_dark-blue\" ><\/div>\n\t<\/div>\n\t<div class=\"stm-subtitle stm-font_color_dark-blue\" style=\"text-align:left\">\n\t\t<span style=\"color: #7d706d; font-family: montserrat; font-size: 15px;\">Le programme de la petite enfance met l'accent sur le d\u00e9veloppement global, en stimulant la curiosit\u00e9 et la \ncr\u00e9ativit\u00e9, tout en posant les bases de la r\u00e9ussite acad\u00e9mique et sociale.\nLes apprenants participent \u00e0 des activit\u00e9s adapt\u00e9es \u00e0 leur \u00e2ge, favorisant l\u2019\u00e9veil \u00e0 la lecture, au calcul et aux \ncomp\u00e9tences sociales dans un environnement bilingue et bienveillant.<\/span>\t<\/div>\n<div class=\"vc_empty_space\"   style=\"height: 5px\"><span class=\"vc_empty_space_inner\"><\/span><\/div><h4 class=\"stm-title stm-font_color_dark-blue stm-title_sep_bottom\" style=\"text-align:left\">\n\nCycles \u00c9l\u00e9mentaires (Inf\u00e9rieur et Sup\u00e9rieur)\n<\/h4>\n\t<div class=\"stm-separator stm-clearfix stm-separator_type_title stm-separator_has_subtitle\" >\n\t\t<div class=\"stm-separator__line stm-border-b_color_dark-blue\" ><\/div>\n\t<\/div>\n\t<div class=\"stm-subtitle stm-font_color_dark-blue\" style=\"text-align:left\">\n\t\t<span style=\"color: #7d706d; font-family: montserrat; font-size: 15px;\">Au cours de ces ann\u00e9es fondamentales, les apprenants suivent le programme libanais, consolidant des \ncomp\u00e9tences solides en arabe, anglais, math\u00e9matiques, sciences et sciences sociales.\nLe programme met l\u2019accent sur la pens\u00e9e critique, la r\u00e9solution de probl\u00e8mes et le d\u00e9veloppement de la \nconscience culturelle.<\/span>\t<\/div>\n<div class=\"vc_empty_space\"   style=\"height: 5px\"><span class=\"vc_empty_space_inner\"><\/span><\/div><h4 class=\"stm-title stm-font_color_dark-blue stm-title_sep_bottom\" style=\"text-align:left\">\n\nCycle Interm\u00e9diaire (Coll\u00e8ge)\n<\/h4>\n\t<div class=\"stm-separator stm-clearfix stm-separator_type_title stm-separator_has_subtitle\" >\n\t\t<div class=\"stm-separator__line stm-border-b_color_dark-blue\" ><\/div>\n\t<\/div>\n\t<div class=\"stm-subtitle stm-font_color_dark-blue\" style=\"text-align:left\">\n\t\t<span style=\"color: #7d706d; font-family: montserrat; font-size: 15px;\">Durant le cycle interm\u00e9diaire, le programme acad\u00e9mique libanais est poursuivi, avec un accent mis sur la \ntransition acad\u00e9mique et le d\u00e9veloppement de l'autonomie.\nLes apprenants sont encourag\u00e9s \u00e0 approfondir leurs connaissances et \u00e0 d\u00e9velopper des habitudes \nd'apprentissage ind\u00e9pendantes.<\/span>\t<\/div>\n<div class=\"vc_empty_space\"   style=\"height: 5px\"><span class=\"vc_empty_space_inner\"><\/span><\/div><h4 class=\"stm-title stm-font_color_dark-blue stm-title_sep_bottom\" style=\"text-align:left\">\n\nCycle Secondaire (Lyc\u00e9e)\n<\/h4>\n\t<div class=\"stm-separator stm-clearfix stm-separator_type_title stm-separator_has_subtitle\" >\n\t\t<div class=\"stm-separator__line stm-border-b_color_blue\" ><\/div>\n\t<\/div>\n\t<div class=\"stm-subtitle stm-font_color_dark-blue\" style=\"text-align:left\">\n\t\t<span style=\"color: #7d706d; font-family: montserrat; font-size: 15px;\">Au lyc\u00e9e, les apprenants sont pr\u00e9par\u00e9s au Baccalaur\u00e9at libanais, avec une exploration approfondie des \nmati\u00e8res cl\u00e9s telles que les math\u00e9matiques, les sciences et les sciences humaines.\nLe programme accorde une grande importance \u00e0 la pr\u00e9paration aux examens et au d\u00e9veloppement de la \npens\u00e9e critique, pr\u00e9parant les apprenants \u00e0 poursuivre leurs \u00e9tudes sup\u00e9rieures au Liban et \u00e0 \nl'international.<\/span>\t<\/div>\n<div class=\"vc_empty_space\"   style=\"height: 15px\"><span class=\"vc_empty_space_inner\"><\/span><\/div><\/div><\/div><\/div><\/div><div class=\"vc_row wpb_row vc_row-fluid\"><div class=\"wpb_column vc_column_container vc_col-sm-12\"><div class=\"vc_column-inner\"><div class=\"wpb_wrapper\"><div class=\"vc_separator wpb_content_element vc_separator_align_center vc_sep_width_100 vc_sep_pos_align_center vc_separator_no_text vc_sep_color_black wpb_content_element  wpb_content_element\" ><span class=\"vc_sep_holder vc_sep_holder_l\"><span class=\"vc_sep_line\"><\/span><\/span><span class=\"vc_sep_holder vc_sep_holder_r\"><span class=\"vc_sep_line\"><\/span><\/span>\n<\/div>\n\t<div class=\"wpb_text_column wpb_content_element\" >\n\t\t<div class=\"wpb_wrapper\">\n\t\t\t<h2 class=\"wp-block-heading\"><strong><span style=\"color: #1a428a; font-size: 29px; font-family: 'montserrat';\">l'international.\nAmerican Program (AP) \u2014 Pr\u00e9parer les Apprenants au Succ\u00e8s Mondial<\/span><\/strong><\/h2>\n\n\t\t<\/div>\n\t<\/div>\n<\/div><\/div><\/div><\/div><div class=\"vc_row wpb_row vc_row-fluid\"><div class=\"wpb_column vc_column_container vc_col-sm-12\"><div class=\"vc_column-inner\"><div class=\"wpb_wrapper\">\n\t<div class=\"wpb_text_column wpb_content_element\" >\n\t\t<div class=\"wpb_wrapper\">\n\t\t\t<p><span style=\"color: #7d706d;\">Pour enrichir davantage l\u2019exp\u00e9rience acad\u00e9mique des \u00e9l\u00e8ves et les pr\u00e9parer \u00e0 l\u2019international, la section anglaise du CNDL propose \u00e9galement un programme am\u00e9ricain (AP). Ce programme offre un cursus rigoureux con\u00e7u pour d\u00e9velopper la pens\u00e9e critique, la compr\u00e9hension interculturelle et la pr\u00e9paration \u00e0 l\u2019universit\u00e9. Les \u00e9l\u00e9ments cl\u00e9s du programme AP incluent:<\/span><\/p>\n\n\t\t<\/div>\n\t<\/div>\n<div class=\"vc_empty_space\"   style=\"height: 15px\"><span class=\"vc_empty_space_inner\"><\/span><\/div><\/div><\/div><\/div><\/div><div class=\"vc_row wpb_row vc_row-fluid\"><div class=\"wpb_column vc_column_container vc_col-sm-12\"><div class=\"vc_column-inner\"><div class=\"wpb_wrapper\">\n\t<div class=\"wpb_text_column wpb_content_element\" >\n\t\t<div class=\"wpb_wrapper\">\n\t\t\t<p><span style=\"color: #1a428a; font-family: montserrat;\"><strong>Humanit\u00e9s et sciences avanc\u00e9es:<\/strong><\/span><\/p>\n<ul style=\"font-family: 'montserrat';\">\n<li><span style=\"color: #7d706d;\">Sciences sociales<\/span><\/li>\n<li><span style=\"color: #7d706d;\">Biologie<\/span><\/li>\n<li><span style=\"color: #7d706d;\">Chimie<\/span><\/li>\n<li><span style=\"color: #7d706d;\">Physique<\/span><\/li>\n<li><span style=\"color: #7d706d;\">Math\u00e9matiques<\/span><\/li>\n<li><span style=\"color: #7d706d;\">Statistiques<\/span><\/li>\n<li><span style=\"color: #7d706d;\">Calcul int\u00e9gral<\/span><\/li>\n<\/ul>\n\n\t\t<\/div>\n\t<\/div>\n\n\t<div class=\"wpb_text_column wpb_content_element\" >\n\t\t<div class=\"wpb_wrapper\">\n\t\t\t<p><span style=\"color: #1a428a;\"><strong style=\"font-family: 'montserrat';\">Langues:<\/strong><\/span><\/p>\n<ul style=\"list-style-type: disc; font-family: 'montserrat';\">\n<li><span style=\"color: #7d706d;\">Langue anglaise et composition<\/span><\/li>\n<li><span style=\"color: #7d706d;\">Litt\u00e9rature anglaise<\/span><\/li>\n<li><span style=\"color: #7d706d;\">Espagnol<\/span><\/li>\n<li><span style=\"color: #7d706d;\">Arabe Sp\u00e9cial<\/span><\/li>\n<\/ul>\n\n\t\t<\/div>\n\t<\/div>\n\n\t<div class=\"wpb_text_column wpb_content_element\" >\n\t\t<div class=\"wpb_wrapper\">\n\t\t\t<p><span style=\"color: #1a428a;\"><strong style=\"font-family: 'montserrat';\">Technologie et \u00c9thique:<\/strong><\/span><\/p>\n<ul style=\"list-style-type: disc; font-family: 'montserrat';\">\n<li><span style=\"color: #7d706d;\">Technologies de l\u2019Information et de la Communication (TIC)<\/span><\/li>\n<li><span style=\"color: #7d706d;\">Robotique<\/span><\/li>\n<li><span style=\"color: #7d706d;\">Cat\u00e9chisme<\/span><\/li>\n<li><span style=\"color: #7d706d;\">Cultural Studies<\/span><\/li>\n<li><span style=\"color: #7d706d;\">\u00c9ducation musicale<\/span><\/li>\n<\/ul>\n\n\t\t<\/div>\n\t<\/div>\n<div class=\"vc_empty_space\"   style=\"height: 10px\"><span class=\"vc_empty_space_inner\"><\/span><\/div>\n\t<div class=\"wpb_text_column wpb_content_element\" >\n\t\t<div class=\"wpb_wrapper\">\n\t\t\t<p><span style=\"color: #7d706d; font-family: 'montserrat';\">Ce programme complet vise \u00e0 d\u00e9velopper la pens\u00e9e critique, \u00e0 renforcer la conscience mondiale et \u00e0 \npromouvoir la prise de d\u00e9cision \u00e9thique \u2014 pr\u00e9parant les apprenants non seulement \u00e0 r\u00e9ussir \u00e0 l\u2019universit\u00e9, \nmais aussi \u00e0 devenir des leaders dans un monde en constante \u00e9volution.<\/span><\/p>\n\n\t\t<\/div>\n\t<\/div>\n<div class=\"vc_empty_space\"   style=\"height: 15px\"><span class=\"vc_empty_space_inner\"><\/span><\/div><\/div><\/div><\/div><\/div><div class=\"vc_row wpb_row vc_row-fluid\"><div class=\"wpb_column vc_column_container vc_col-sm-12\"><div class=\"vc_column-inner\"><div class=\"wpb_wrapper\"><div class=\"vc_separator wpb_content_element vc_separator_align_center vc_sep_width_100 vc_sep_pos_align_center vc_separator_no_text vc_sep_color_black wpb_content_element  wpb_content_element\" ><span class=\"vc_sep_holder vc_sep_holder_l\"><span class=\"vc_sep_line\"><\/span><\/span><span class=\"vc_sep_holder vc_sep_holder_r\"><span class=\"vc_sep_line\"><\/span><\/span>\n<\/div><\/div><\/div><\/div><\/div><div class=\"vc_row wpb_row vc_row-fluid\"><div class=\"wpb_column vc_column_container vc_col-sm-12\"><div class=\"vc_column-inner\"><div class=\"wpb_wrapper\"><h4 class=\"stm-title stm-font_color_dark-blue stm-title_sep_bottom\" style=\"text-align:left\">\n\nAvantages Cl\u00e9s de la Section Anglophone du CNDL\n<\/h4>\n\t<div class=\"stm-separator stm-clearfix stm-separator_type_title stm-separator_has_subtitle\" >\n\t\t<div class=\"stm-separator__line stm-border-b_color_dark-blue\" ><\/div>\n\t<\/div>\n\t<div class=\"stm-subtitle stm-font_color_dark-blue\" style=\"text-align:left\">\n\t\t<\/p>\n<ul style=\"list-style-type: disc; font-family: 'montserrat';\">\n<li><span style=\"color: #7d706d; font-size: 17px;\">-\u00c9ducation \u00c9thique et Culturelle : Ax\u00e9e sur le raisonnement \u00e9thique, les \u00e9tudes culturelles et la formation \u00e0 la foi.<\/span><\/li>\n<li><span style=\"color: #7d706d; font-size: 17px;\">Reconnaissance internationale : Le statut de candidat Cognia garantit l'alignement avec les \nstandards \u00e9ducatifs mondiaux.<\/span><\/li>\n<li><span style=\"color: #7d706d; font-size: 17px;\">Programme acad\u00e9mique rigoureux : Suivi du curriculum libanais, pr\u00e9parant aux examens nationaux \net aux \u00e9tudes internationales.<\/span><\/li>\n<li><span style=\"color: #7d706d; font-size: 17px;\">Programme Am\u00e9ricain (AP) : Cours avanc\u00e9s favorisant la pens\u00e9e critique et l'ouverture mondiale<\/span><\/li>\n<li><span style=\"color: #7d706d; font-size: 17px;\">\u00c9ducation multilingue : Ma\u00eetrise de l'arabe, de l'anglais et de l'espagnol.<\/span><\/li>\n<li><span style=\"color: #7d706d; font-size: 17px;\">Comp\u00e9tences technologiques : Int\u00e9gration des TIC et de la robotique dans l'enseignement pour \nd\u00e9velopper les comp\u00e9tences du XXI\u1d49 si\u00e8cle.<\/span><\/li>\n<\/ul>\n<p>\t<\/div>\n<div class=\"vc_separator wpb_content_element vc_separator_align_center vc_sep_width_100 vc_sep_pos_align_center vc_separator_no_text vc_sep_color_black wpb_content_element  wpb_content_element\" ><span class=\"vc_sep_holder vc_sep_holder_l\"><span class=\"vc_sep_line\"><\/span><\/span><span class=\"vc_sep_holder vc_sep_holder_r\"><span class=\"vc_sep_line\"><\/span><\/span>\n<\/div><\/div><\/div><\/div><\/div><div class=\"vc_row wpb_row vc_row-fluid\"><div class=\"wpb_column vc_column_container vc_col-sm-12\"><div class=\"vc_column-inner\"><div class=\"wpb_wrapper\"><div class=\"vc_empty_space\"   style=\"height: 25px\"><span class=\"vc_empty_space_inner\"><\/span><\/div><\/div><\/div><\/div><\/div><div class=\"vc_row wpb_row vc_row-fluid\"><div class=\"wpb_column vc_column_container vc_col-sm-12\"><div class=\"vc_column-inner\"><div class=\"wpb_wrapper\"><h2 class=\"stm-title stm-font_color_dark-blue stm-title_sep_bottom\" style=\"text-align:center\">\n\nStep Inside the English Section\n<\/h2>\n\t<div class=\"stm-separator stm-clearfix stm-separator_type_title\" >\n\t\t<div class=\"stm-separator__line stm-border-b_color_dark-blue\" style=\"margin-left:auto;margin-right:auto\"><\/div>\n\t<\/div>\n<\/div><\/div><\/div><\/div><div class=\"vc_row wpb_row vc_row-fluid vc_custom_1757404997867\"><div class=\"wpb_column vc_column_container vc_col-sm-12\"><div class=\"vc_column-inner\"><div class=\"wpb_wrapper\">\n\t<div class=\"wpb_raw_code wpb_raw_html wpb_content_element\" >\n\t\t<div class=\"wpb_wrapper\">\n\t\t\t<video controls width=\"100%\">\n  <source src=\"https:\/\/cndl.edu.lb\/wp-content\/uploads\/2025\/09\/English-section-cognia-1.mp4\" type=\"video\/mp4\">\n  Your browser does not support the video tag.\n<\/video>\n\n\t\t<\/div>\n\t<\/div>\n<\/div><\/div><\/div><\/div>\n<\/div>","protected":false},"excerpt":{"rendered":"The English Section at Coll\u00e8ge Notre Dame de Louaiz\u00e9 Has Earned Accreditation from Cognia CNDL English Section has been recognized for the steadfast commitment to providing a high-quality education for [...]","protected":false},"author":2,"featured_media":0,"parent":0,"menu_order":0,"comment_status":"closed","ping_status":"closed","template":"","meta":{"footnotes":""},"class_list":["post-4164","page","type-page","status-publish","hentry"],"_links":{"self":[{"href":"https:\/\/www.cndl.edu.lb\/fr\/wp-json\/wp\/v2\/pages\/4164","targetHints":{"allow":["GET"]}}],"collection":[{"href":"https:\/\/www.cndl.edu.lb\/fr\/wp-json\/wp\/v2\/pages"}],"about":[{"href":"https:\/\/www.cndl.edu.lb\/fr\/wp-json\/wp\/v2\/types\/page"}],"author":[{"embeddable":true,"href":"https:\/\/www.cndl.edu.lb\/fr\/wp-json\/wp\/v2\/users\/2"}],"replies":[{"embeddable":true,"href":"https:\/\/www.cndl.edu.lb\/fr\/wp-json\/wp\/v2\/comments?post=4164"}],"version-history":[{"count":25,"href":"https:\/\/www.cndl.edu.lb\/fr\/wp-json\/wp\/v2\/pages\/4164\/revisions"}],"predecessor-version":[{"id":6628,"href":"https:\/\/www.cndl.edu.lb\/fr\/wp-json\/wp\/v2\/pages\/4164\/revisions\/6628"}],"wp:attachment":[{"href":"https:\/\/www.cndl.edu.lb\/fr\/wp-json\/wp\/v2\/media?parent=4164"}],"curies":[{"name":"wp","href":"https:\/\/api.w.org\/{rel}","templated":true}]}}