{"id":4107,"date":"2025-04-07T07:34:11","date_gmt":"2025-04-07T07:34:11","guid":{"rendered":"https:\/\/cndl.edu.lb\/?page_id=4107"},"modified":"2025-09-23T12:34:21","modified_gmt":"2025-09-23T09:34:21","slug":"school-project","status":"publish","type":"page","link":"https:\/\/www.cndl.edu.lb\/fr\/school-project\/","title":{"rendered":"Projet d\u2019\u00e9tablissement"},"content":{"rendered":"<div class=\"wpb-content-wrapper\"><div class=\"vc_row wpb_row vc_row-fluid\"><div class=\"wpb_column vc_column_container vc_col-sm-12\"><div class=\"vc_column-inner vc_custom_1745906926905\"><div class=\"wpb_wrapper\"><div class=\"vc_empty_space\"   style=\"height: 30px\"><span class=\"vc_empty_space_inner\"><\/span><\/div><\/div><\/div><\/div><div class=\"wpb_column vc_column_container vc_col-sm-12\"><div class=\"vc_column-inner\"><div class=\"wpb_wrapper\">\n\t<div class=\"wpb_text_column wpb_content_element\" >\n\t\t<div class=\"wpb_wrapper\">\n\t\t\t<h1 class=\"wp-block-heading\" style=\"text-align: center; font-family: 'montserrat';\" data-start=\"193\" data-end=\"269\"><strong><span style=\"font-size: 35px; color: #1a428a;\">Les Objectifs du Projet Educatif de l\u2019Ordre Maronite Mariamite<\/span><\/strong><\/h1>\n\n\t\t<\/div>\n\t<\/div>\n<div class=\"vc_separator wpb_content_element vc_separator_align_center vc_sep_width_100 vc_sep_pos_align_center vc_separator_no_text vc_sep_color_black wpb_content_element  wpb_content_element\" ><span class=\"vc_sep_holder vc_sep_holder_l\"><span class=\"vc_sep_line\"><\/span><\/span><span class=\"vc_sep_holder vc_sep_holder_r\"><span class=\"vc_sep_line\"><\/span><\/span>\n<\/div><div class=\"vc_empty_space\"   style=\"height: 30px\"><span class=\"vc_empty_space_inner\"><\/span><\/div><\/div><\/div><\/div><\/div><div class=\"vc_row wpb_row vc_row-fluid\"><div class=\"wpb_column vc_column_container vc_col-sm-12\"><div class=\"vc_column-inner\"><div class=\"wpb_wrapper\"><h4 class=\"stm-title stm-font_color_dark-blue stm-title_sep_bottom\" style=\"text-align:left\">\n\nFormer un \u00e9l\u00e8ve \u00ab mariamite \u00bb croyant et fid\u00e8le \u00e0 sa mission de \u00ab chr\u00e9tien d\u2019Orient \u00bb.\n<\/h4>\n\t<div class=\"stm-separator stm-clearfix stm-separator_type_title stm-separator_has_subtitle\" >\n\t\t<div class=\"stm-separator__line stm-border-b_color_dark-blue\" ><\/div>\n\t<\/div>\n\t<div class=\"stm-subtitle stm-font_color_dark-blue\" style=\"text-align:left\">\n\t\t<\/p>\n<ul style=\"list-style-type: disc; font-family: 'montserrat';\" data-start=\"350\" data-end=\"805\">\n<li class=\"\" data-start=\"350\" data-end=\"444\">\n<p class=\"\" data-start=\"352\" data-end=\"444\"><span style=\"font-size: 17px; color: #1a428a;\"><strong data-start=\"352\" data-end=\"390\">Objectifs chr\u00e9tiens exhaustifs<\/strong>:<\/span><br data-start=\"391\" data-end=\"394\" \/><span style=\"font-size: 17px; color: #7d706d;\">Encourager la foi, l'esp\u00e9rance, l'amour et les valeurs bibliques.<\/span><\/p>\n<\/li>\n<li class=\"\" data-start=\"445\" data-end=\"600\">\n<p class=\"\" data-start=\"447\" data-end=\"600\"><span style=\"font-size: 17px; color: #1a428a;\"><strong data-start=\"447\" data-end=\"481\">Objectifs chr\u00e9tiens mariamite<\/strong>:<\/span><br data-start=\"482\" data-end=\"485\" \/><span style=\"font-size: 17px; color: #7d706d;\">Encourager l'ouverture au plan de Dieu, s'y engager avec joie, de bon gr\u00e9, avec confiance, humilit\u00e9 et pi\u00e9t\u00e9.<\/span><\/p>\n<\/li>\n<li class=\"\" data-start=\"601\" data-end=\"805\">\n<p class=\"\" data-start=\"603\" data-end=\"805\"><span style=\"font-size: 17px; color: #1a428a;\"><strong data-start=\"603\" data-end=\"659\">Objectifs chr\u00e9tiens sp\u00e9cifiques pour les chr\u00e9tiens orientaux<\/strong>:<\/span><br data-start=\"660\" data-end=\"663\" \/><span style=\"font-size: 17px; color: #7d706d;\">D\u00e9velopper la conscience, la sagesse, la flexibilit\u00e9, l'ouverture aux autres, l'esp\u00e9rance, le courage, la confiance, le service, le sacrifice, le pardon et l'engagement actif.<\/span><\/p>\n<\/li>\n<\/ul>\n<p>\t<\/div>\n<div class=\"vc_separator wpb_content_element vc_separator_align_center vc_sep_width_100 vc_sep_pos_align_center vc_separator_no_text vc_sep_color_black wpb_content_element  wpb_content_element\" ><span class=\"vc_sep_holder vc_sep_holder_l\"><span class=\"vc_sep_line\"><\/span><\/span><span class=\"vc_sep_holder vc_sep_holder_r\"><span class=\"vc_sep_line\"><\/span><\/span>\n<\/div><\/div><\/div><\/div><\/div><div class=\"vc_row wpb_row vc_row-fluid\"><div class=\"wpb_column vc_column_container vc_col-sm-12\"><div class=\"vc_column-inner\"><div class=\"wpb_wrapper\"><h4 class=\"stm-title stm-font_color_dark-blue stm-title_sep_bottom\" style=\"text-align:left\">\n\nB. Formation de citoyens conscients de leur histoire, de leur r\u00e9alit\u00e9, de leurs droits et de leurs devoirs.\n<\/h4>\n\t<div class=\"stm-separator stm-clearfix stm-separator_type_title stm-separator_has_subtitle\" >\n\t\t<div class=\"stm-separator__line stm-border-b_color_dark-blue\" ><\/div>\n\t<\/div>\n\t<div class=\"stm-subtitle stm-font_color_dark-blue\" style=\"text-align:left\">\n\t\t<\/p>\n<ul style=\"list-style-type: disc; font-family: 'montserrat';\" data-start=\"894\" data-end=\"1184\">\n<li class=\"\" data-start=\"894\" data-end=\"997\">\n<p class=\"\" data-start=\"896\" data-end=\"997\"><span style=\"font-size: 16px; color: #7d706d;\">\u00catre conscient des droits et des devoirs et s'engager activement envers la soci\u00e9t\u00e9, la nation et l'environnement.<\/span><\/p>\n<\/li>\n<li class=\"\" data-start=\"998\" data-end=\"1146\">\n<p class=\"\" data-start=\"1000\" data-end=\"1146\"><span style=\"font-size: 16px; color: #7d706d;\">Devenir conscient d'une citoyennet\u00e9 authentique, du patriotisme et de l'appartenance \u00e0 une civilisation ancienne sans fanatisme, isolement ou fiert\u00e9 injustifi\u00e9e.<\/span><\/p>\n<\/li>\n<li class=\"\" data-start=\"1147\" data-end=\"1184\">\n<p class=\"\" data-start=\"1149\" data-end=\"1184\"><span style=\"font-size: 16px; color: #7d706d;\">Accepter les autres qui sont diff\u00e9rents.<\/span><\/p>\n<\/li>\n<\/ul>\n<p>\t<\/div>\n<div class=\"vc_separator wpb_content_element vc_separator_align_center vc_sep_width_100 vc_sep_pos_align_center vc_separator_no_text vc_sep_color_black wpb_content_element  wpb_content_element\" ><span class=\"vc_sep_holder vc_sep_holder_l\"><span class=\"vc_sep_line\"><\/span><\/span><span class=\"vc_sep_holder vc_sep_holder_r\"><span class=\"vc_sep_line\"><\/span><\/span>\n<\/div><\/div><\/div><\/div><\/div><div class=\"vc_row wpb_row vc_row-fluid\"><div class=\"wpb_column vc_column_container vc_col-sm-12\"><div class=\"vc_column-inner\"><div class=\"wpb_wrapper\"><h4 class=\"stm-title stm-font_color_dark-blue stm-title_sep_bottom\" style=\"text-align:left\">\n\nC. Formation d'une personne holistique et \u00e9quilibr\u00e9e - psychologiquement, intellectuellement, culturellement, acad\u00e9miquement, moralement et physiquement.\n<\/h4>\n\t<div class=\"stm-separator stm-clearfix stm-separator_type_title stm-separator_has_subtitle\" >\n\t\t<div class=\"stm-separator__line stm-border-b_color_dark-blue\" ><\/div>\n\t<\/div>\n\t<div class=\"stm-subtitle stm-font_color_dark-blue\" style=\"text-align:left\">\n\t\t<\/p>\n<h4><span style=\"color: #1a428a; font-size: 17px; font-family: montserrat;\"><strong>1. Formation psychologique:<\/strong><\/span><\/h4>\n<ul style=\"list-style-type: disc; font-family: 'montserrat';\" data-start=\"1362\" data-end=\"1504\">\n<li class=\"\" data-start=\"1362\" data-end=\"1448\">\n<p class=\"\" data-start=\"1364\" data-end=\"1448\"><span style=\"color: #7d706d; font-size: 17px;\">Conscience de soi, ma\u00eetrise de soi, r\u00e9conciliation avec soi-m\u00eame, confiance en soi et volont\u00e9.<\/span><\/p>\n<\/li>\n<li><span style=\"color: #7d706d; font-size: 17px;\">\u00c9quilibre \u00e9motionnel et relationnel, et adaptabilit\u00e9.<\/span><\/li>\n<\/ul>\n<p>&nbsp;<\/p>\n<h4 class=\"\" data-start=\"1506\" data-end=\"1558\"><span style=\"color: #1a428a; font-size: 17px; font-family: montserrat;\"><strong>2. Formation intellectuelle, culturelle et acad\u00e9mique:<\/strong><\/span><\/h4>\n<ul style=\"font-family: 'montserrat';\" data-start=\"1559\" data-end=\"1849\">\n<li class=\"\" data-start=\"1559\" data-end=\"1635\">\n<p class=\"\" data-start=\"1561\" data-end=\"1635\"><span style=\"color: #7d706d; font-size: 17px;\">Curiosit\u00e9 intellectuelle, amour de la v\u00e9rit\u00e9, amour de la connaissance et de la culture.<\/span><\/p>\n<\/li>\n<li class=\"\" data-start=\"1636\" data-end=\"1677\">\n<p class=\"\" data-start=\"1638\" data-end=\"1677\"><span style=\"color: #7d706d; font-size: 17px;\">Pens\u00e9e critique et autocritique.<\/span><\/p>\n<\/li>\n<li class=\"\" data-start=\"1678\" data-end=\"1736\">\n<p class=\"\" data-start=\"1680\" data-end=\"1736\"><span style=\"color: #7d706d; font-size: 17px;\">Pens\u00e9e logique, clart\u00e9, pr\u00e9cision et objectivit\u00e9.<\/span><\/p>\n<\/li>\n<li class=\"\" data-start=\"1737\" data-end=\"1849\">\n<p class=\"\" data-start=\"1739\" data-end=\"1849\"><span style=\"color: #7d706d; font-size: 17px;\">Autonomie dans l'apprentissage, responsabilit\u00e9 personnelle (autonomie), pers\u00e9v\u00e9rance, go\u00fbt artistique et cr\u00e9ativit\u00e9.<\/span><\/p>\n<\/li>\n<\/ul>\n<p>&nbsp;<\/p>\n<h4 class=\"\" data-start=\"1851\" data-end=\"1872\"><span style=\"color: #1a428a; font-size: 17px; font-family: montserrat;\"><strong>3. Formation morale:<\/strong><\/span><\/h4>\n<ul style=\"font-family: 'montserrat';\" data-start=\"1873\" data-end=\"2129\">\n<li class=\"\" data-start=\"1873\" data-end=\"1908\">\n<p class=\"\" data-start=\"1875\" data-end=\"1908\"><span style=\"color: #7d706d; font-size: 17px;\">Respect de soi et des autres.<\/span><\/p>\n<\/li>\n<li class=\"\" data-start=\"1909\" data-end=\"2017\">\n<p class=\"\" data-start=\"1911\" data-end=\"2017\"><span style=\"color: #7d706d; font-size: 17px;\">Int\u00e9grit\u00e9 et justice, devoir et responsabilit\u00e9 (autonomie), pers\u00e9v\u00e9rance, go\u00fbt artistique et cr\u00e9ativit\u00e9.<\/span><\/p>\n<\/li>\n<li class=\"\" data-start=\"2018\" data-end=\"2094\">\n<p class=\"\" data-start=\"2020\" data-end=\"2094\"><span style=\"color: #7d706d; font-size: 17px;\">Loyaut\u00e9 et g\u00e9n\u00e9rosit\u00e9, disponibilit\u00e9 au service et solidarit\u00e9 consciente.<\/span><\/p>\n<\/li>\n<li class=\"\" data-start=\"2095\" data-end=\"2129\">\n<p class=\"\" data-start=\"2097\" data-end=\"2129\"><span style=\"color: #7d706d; font-size: 17px;\">Respect des religions des autres.<\/span><\/p>\n<\/li>\n<\/ul>\n<p>&nbsp;<\/p>\n<h4 class=\"\" data-start=\"2131\" data-end=\"2155\"><span style=\"color: #1a428a; font-size: 17px; font-family: montserrat;\"><strong>4. Formation physique:<\/strong><\/span><\/h4>\n<ul style=\"font-family: 'montserrat';\" data-start=\"2156\" data-end=\"2263\">\n<li class=\"\" data-start=\"2156\" data-end=\"2216\">\n<p class=\"\" data-start=\"2158\" data-end=\"2216\"><span style=\"color: #7d706d; font-size: 17px;\">Activit\u00e9, vitalit\u00e9, connaissance et \u00e9quilibre dans le mode de vie.<\/span><\/p>\n<\/li>\n<li class=\"\" data-start=\"2217\" data-end=\"2263\">\n<p class=\"\" data-start=\"2219\" data-end=\"2263\"><span style=\"color: #7d706d; font-size: 17px;\">\u00c9l\u00e9gance et go\u00fbt, sant\u00e9 et propret\u00e9.<\/span><\/p>\n<\/li>\n<\/ul>\n<p>\t<\/div>\n<div class=\"vc_separator wpb_content_element vc_separator_align_center vc_sep_width_100 vc_sep_pos_align_center vc_separator_no_text vc_sep_color_black wpb_content_element  wpb_content_element\" ><span class=\"vc_sep_holder vc_sep_holder_l\"><span class=\"vc_sep_line\"><\/span><\/span><span class=\"vc_sep_holder vc_sep_holder_r\"><span class=\"vc_sep_line\"><\/span><\/span>\n<\/div><\/div><\/div><\/div><\/div><div class=\"vc_row wpb_row vc_row-fluid\"><div class=\"wpb_column vc_column_container vc_col-sm-12\"><div class=\"vc_column-inner\"><div class=\"wpb_wrapper\">\n\t<div class=\"wpb_text_column wpb_content_element\" >\n\t\t<div class=\"wpb_wrapper\">\n\t\t\t<h1 class=\"wp-block-heading\" style=\"text-align: center; font-family: 'montserrat';\" data-start=\"193\" data-end=\"269\"><span style=\"color: #1a428a;\"><strong><span style=\"font-size: 35px;\">Les Trois Axes du Projet d\u2019\u00c9tablissement 2023-2026<\/span><\/strong><\/span><\/h1>\n\n\t\t<\/div>\n\t<\/div>\n<div class=\"vc_empty_space\"   style=\"height: 20px\"><span class=\"vc_empty_space_inner\"><\/span><\/div><\/div><\/div><\/div><\/div><div class=\"vc_row wpb_row vc_row-fluid\"><div class=\"wpb_column vc_column_container vc_col-sm-12\"><div class=\"vc_column-inner\"><div class=\"wpb_wrapper\">\n\t<div class=\"wpb_text_column wpb_content_element\" >\n\t\t<div class=\"wpb_wrapper\">\n\t\t\t<div class=\"wpb_text_column wpb_content_element\">\n<div class=\"wpb_wrapper\">\n<h3 class=\"\" data-start=\"3444\" data-end=\"3500\"><span style=\"font-size: 18px; color: #1a428a; font-family: montserrat;\"><strong data-start=\"3448\" data-end=\"3500\">Axe 1: Offrir un Parcours \u00c9ducatif Multilingue et Multiculturel de Haute Qualit\u00e9<\/strong><\/span><\/h3>\n<ul style=\"font-family: 'montserrat';\" data-start=\"2937\" data-end=\"3437\">\n<li class=\"\" data-start=\"2937\" data-end=\"3001\">\n<p class=\"\" data-start=\"2939\" data-end=\"3001\"><span style=\"font-size: 18px; color: #7d706d;\">Promouvoir la ma\u00eetrise des langues en exploitant pleinement le potentiel linguistique des \u00e9l\u00e8ves.<\/span><\/p>\n<\/li>\n<li class=\"\" data-start=\"3002\" data-end=\"3093\">\n<p class=\"\" data-start=\"3004\" data-end=\"3093\"><span style=\"font-size: 18px; color: #7d706d;\">Valoriser pleinement les trois langues (arabe, fran\u00e7ais et anglais) en fournissant les outils et \nm\u00e9thodes n\u00e9cessaires \u00e0 leur acquisition.<\/span><\/p>\n<\/li>\n<li class=\"\" data-start=\"3094\" data-end=\"3195\">\n<p class=\"\" data-start=\"3096\" data-end=\"3195\"><span style=\"font-size: 18px; color: #7d706d;\">Renforcer l'\u00e9valuation orale et encourager les opportunit\u00e9s de prise de parole dans la vie r\u00e9elle (d\u00e9bats, pr\u00e9sentations).<\/span><\/p>\n<\/li>\n<li class=\"\" data-start=\"3196\" data-end=\"3262\">\n<p class=\"\" data-start=\"3198\" data-end=\"3262\"><span style=\"font-size: 18px; color: #7d706d;\">Consolider l'\u00e9criture dans divers contextes - essais, r\u00e9sum\u00e9s et au-del\u00e0.<\/span><\/p>\n<\/li>\n<li class=\"\" data-start=\"3263\" data-end=\"3347\">\n<p class=\"\" data-start=\"3265\" data-end=\"3347\"><span style=\"font-size: 18px; color: #7d706d;\">Cultiver la sensibilit\u00e9 artistique et culturelle par l'exposition \u00e0 diverses formes d'art.<\/span><\/p>\n<\/li>\n<li class=\"\" data-start=\"3348\" data-end=\"3437\">\n<p class=\"\" data-start=\"3350\" data-end=\"3437\"><span style=\"font-size: 18px; color: #7d706d;\">Relier toutes les disciplines \u00e0 une \u00e9ducation g\u00e9n\u00e9rale unifi\u00e9e, pluraliste et interculturelle.<\/span><\/p>\n<\/li>\n<\/ul>\n<hr class=\"\" data-start=\"3439\" data-end=\"3442\" \/>\n<h3 class=\"\" data-start=\"3444\" data-end=\"3500\"><span style=\"font-size: 18px; color: #1a428a; font-family: montserrat;\"><strong data-start=\"3448\" data-end=\"3500\">Axe 2: Adapter l'enseignement aux d\u00e9fis futurs<\/strong><\/span><\/h3>\n<h3 class=\"\" data-start=\"3444\" data-end=\"3500\"><span style=\"font-size: 18px; color: #7d706d; font-family: montserrat;\"><em data-start=\"3504\" data-end=\"3603\">\u00ab L'\u00e9ducation ne consiste plus \u00e0 enseigner quelque chose aux \u00e9l\u00e8ves, mais \u00e0 les aider \u00e0 d\u00e9velopper une boussole... \u00bb<\/em>\u00a0\u2014Andreas Schleicher<\/span><\/h3>\n<ul style=\"font-family: 'montserrat';\" data-start=\"3625\" data-end=\"3909\">\n<li class=\"\" data-start=\"3625\" data-end=\"3711\">\n<p class=\"\" data-start=\"3627\" data-end=\"3711\"><span style=\"font-size: 18px; color: #7d706d;\">Enseigner aux \u00e9tudiants\u00a0<em data-start=\"3645\" data-end=\"3660\">apprendre \u00e0 conna\u00eetre<\/em>,\u00a0<em data-start=\"3662\" data-end=\"3666\">faire<\/em>,\u00a0<em data-start=\"3668\" data-end=\"3683\">vivre ensemble<\/em>, et plus important encore\u00a0<em data-start=\"3706\" data-end=\"3710\">\u00eatre<\/em>.<\/span><\/p>\n<\/li>\n<li class=\"\" data-start=\"3712\" data-end=\"3802\">\n<p class=\"\" data-start=\"3714\" data-end=\"3802\"><span style=\"font-size: 18px; color: #7d706d;\">Favoriser l'autonomie intellectuelle, la pens\u00e9e critique et le courage d'affronter la complexit\u00e9.<\/span><\/p>\n<\/li>\n<li class=\"\" data-start=\"3803\" data-end=\"3909\">\n<p class=\"\" data-start=\"3805\" data-end=\"3909\"><span style=\"font-size: 18px; color: #7d706d;\">Encourager les \u00e9l\u00e8ves \u00e0 r\u00e9sister \u00e0 l'apprentissage passif et \u00e0 penser par eux-m\u00eames dans un monde d'informations excessives.<\/span><\/p>\n<\/li>\n<\/ul>\n<hr class=\"\" data-start=\"3911\" data-end=\"3914\" \/>\n<h3 class=\"\" data-start=\"3916\" data-end=\"3985\"><span style=\"font-size: 18px; color: #1a428a; font-family: montserrat;\"><strong data-start=\"3920\" data-end=\"3985\">Axe 3:  Atmosph\u00e8re positive pour vivre et travailler ensemble<\/strong><\/span><\/h3>\n<ul style=\"font-family: 'montserrat';\" data-start=\"3987\" data-end=\"4438\">\n<li class=\"\" data-start=\"3987\" data-end=\"4078\">\n<p class=\"\" data-start=\"3989\" data-end=\"4078\"><span style=\"font-size: 18px; color: #7d706d;\">Mettre en \u0153uvre un syst\u00e8me p\u00e9dagogique favorisant l'appartenance, le bien-\u00eatre et l'ambition.<\/span><\/p>\n<\/li>\n<li class=\"\" data-start=\"4079\" data-end=\"4176\">\n<p class=\"\" data-start=\"4081\" data-end=\"4176\"><span style=\"font-size: 18px; color: #7d706d;\">D\u00e9velopper des actions de soutien telles que la formation des d\u00e9l\u00e9gu\u00e9s \u00e9l\u00e8ves et l'implication des parents.<\/span><\/p>\n<\/li>\n<li class=\"\" data-start=\"4177\" data-end=\"4265\">\n<p class=\"\" data-start=\"4179\" data-end=\"4265\"><span style=\"font-size: 18px; color: #7d706d;\">Promouvoir des modes de vie sains et offrir un climat de bien-\u00eatre \u00e0 tous les membres de la communaut\u00e9.<\/span><\/p>\n<\/li>\n<li class=\"\" data-start=\"4266\" data-end=\"4318\">\n<p class=\"\" data-start=\"4268\" data-end=\"4318\"><span style=\"font-size: 18px; color: #7d706d;\">Int\u00e9grer une \u00e9ducation \u00e0 la sant\u00e9 transdisciplinaire.<\/span><\/p>\n<\/li>\n<li class=\"\" data-start=\"4319\" data-end=\"4368\">\n<p class=\"\" data-start=\"4321\" data-end=\"4368\"><span style=\"font-size: 18px; color: #7d706d;\">Prioriser le\u00a0<em data-start=\"4336\" data-end=\"4348\">individuel<\/em>\u00a0l'humain derri\u00e8re l'\u00e9tudiant.<\/span><\/p>\n<\/li>\n<li class=\"\" data-start=\"4369\" data-end=\"4438\">\n<p class=\"\" data-start=\"4371\" data-end=\"4438\"><span style=\"font-size: 18px; color: #7d706d;\">Soutenir la coop\u00e9ration, le d\u00e9veloppement personnel et l'int\u00e9gration pour tous.<\/span><\/p>\n<\/li>\n<\/ul>\n<\/div>\n<\/div>\n\n\t\t<\/div>\n\t<\/div>\n<\/div><\/div><\/div><\/div>\n<\/div>","protected":false},"excerpt":{"rendered":"The Objectives of The Educational Project of The Mariamite Maronite Order Education as an Engaged and Active Eastern Christian Mariamite Student Comprehensive Christian Objectives:Fostering faith, hope, love, and Bible values. [...]","protected":false},"author":1,"featured_media":0,"parent":0,"menu_order":0,"comment_status":"closed","ping_status":"closed","template":"","meta":{"footnotes":""},"class_list":["post-4107","page","type-page","status-publish","hentry"],"_links":{"self":[{"href":"https:\/\/www.cndl.edu.lb\/fr\/wp-json\/wp\/v2\/pages\/4107","targetHints":{"allow":["GET"]}}],"collection":[{"href":"https:\/\/www.cndl.edu.lb\/fr\/wp-json\/wp\/v2\/pages"}],"about":[{"href":"https:\/\/www.cndl.edu.lb\/fr\/wp-json\/wp\/v2\/types\/page"}],"author":[{"embeddable":true,"href":"https:\/\/www.cndl.edu.lb\/fr\/wp-json\/wp\/v2\/users\/1"}],"replies":[{"embeddable":true,"href":"https:\/\/www.cndl.edu.lb\/fr\/wp-json\/wp\/v2\/comments?post=4107"}],"version-history":[{"count":38,"href":"https:\/\/www.cndl.edu.lb\/fr\/wp-json\/wp\/v2\/pages\/4107\/revisions"}],"predecessor-version":[{"id":6641,"href":"https:\/\/www.cndl.edu.lb\/fr\/wp-json\/wp\/v2\/pages\/4107\/revisions\/6641"}],"wp:attachment":[{"href":"https:\/\/www.cndl.edu.lb\/fr\/wp-json\/wp\/v2\/media?parent=4107"}],"curies":[{"name":"wp","href":"https:\/\/api.w.org\/{rel}","templated":true}]}}